{"id":19074,"date":"2024-06-20T15:07:17","date_gmt":"2024-06-20T15:07:17","guid":{"rendered":"https:\/\/www.berkinder.com\/aviso-legal\/"},"modified":"2024-07-10T21:24:55","modified_gmt":"2024-07-10T21:24:55","slug":"avis-legal","status":"publish","type":"page","link":"https:\/\/www.berkinder.com\/ca\/avis-legal\/","title":{"rendered":"Av\u00eds legal"},"content":{"rendered":"\t\t<div data-elementor-type=\"wp-page\" data-elementor-id=\"19074\" class=\"elementor elementor-19074 elementor-487\">\n\t\t\t\t\t\t<section class=\"elementor-section elementor-top-section elementor-element elementor-element-a0bbac3 elementor-section-boxed elementor-section-height-default elementor-section-height-default\" data-id=\"a0bbac3\" data-element_type=\"section\">\n\t\t\t\t\t\t<div class=\"elementor-container elementor-column-gap-default\">\n\t\t\t\t\t<div class=\"elementor-column elementor-col-100 elementor-top-column elementor-element elementor-element-0dbad1f\" data-id=\"0dbad1f\" data-element_type=\"column\">\n\t\t\t<div class=\"elementor-widget-wrap elementor-element-populated\">\n\t\t\t\t\t\t<div class=\"elementor-element elementor-element-c8e03ac elementor-widget elementor-widget-text-editor\" data-id=\"c8e03ac\" data-element_type=\"widget\" data-widget_type=\"text-editor.default\">\n\t\t\t\t<div class=\"elementor-widget-container\">\n\t\t\t\t\t\t\t\t\t<h2><strong>AV\u00cdS LEGAL<\/strong><\/h2><p>De conformitat amb el que estableix la Llei 34\/2002, d&#8217;11 de juliol, de serveis de la societat de la informaci\u00f3 i de comer\u00e7 electr\u00f2nic, es facilita la seg\u00fcent informaci\u00f3:<\/p><h4><strong>Dades Identificatives<\/strong><\/h4><p>Est\u00e0 visitant la p\u00e0gina web <a href=\"https:\/\/www.berkinder.com\" target=\"_new\" rel=\"noreferrer\">https:\/\/www.berkinder.com<\/a>, propietat de Carles Bernadell Izquierdo, CIF: 38096667L, adre\u00e7a postal: Carrer d\u2019Aribau, 324, Sarri\u00e0-Sant Gervasi, 08006 Barcelona, Espanya.<\/p><p>Pot contactar amb el TITULAR per qualsevol dels seg\u00fcents mitjans:<\/p><p>Tel\u00e8fon: (+34) 932 09 81 09 Correu electr\u00f2nic de contacte: <a rel=\"noreferrer\">info@berkinder.com<\/a><\/p><h4><strong>Usuaris<\/strong><\/h4><p>Les presents condicions (d&#8217;ara endavant Av\u00eds Legal) tenen per finalitat regular l&#8217;\u00fas de la p\u00e0gina web del TITULAR que posa a disposici\u00f3 del p\u00fablic.<\/p><p>L&#8217;acc\u00e9s i\/o \u00fas d&#8217;aquesta p\u00e0gina web atribueix la condici\u00f3 d&#8217;USUARI, que accepta, des d&#8217;aquest acc\u00e9s i\/o \u00fas, les condicions generals d&#8217;\u00fas aqu\u00ed reflectides. Les citades condicions seran d&#8217;aplicaci\u00f3 independentment de les condicions generals de contractaci\u00f3 que en el seu cas resultin d&#8217;obligat compliment.<\/p><h4><strong>\u00das del portal<\/strong><\/h4><p><a href=\"https:\/\/www.berkinder.com\" target=\"_new\" rel=\"noreferrer\">https:\/\/www.berkinder.com<\/a> proporciona l&#8217;acc\u00e9s a multitud d&#8217;informacions, serveis, programes o dades (d&#8217;ara endavant, &#8220;els continguts&#8221;) a Internet pertanyents al TITULAR o als seus llicenciants als quals l&#8217;USUARI pot tenir acc\u00e9s.<\/p><p>L&#8217;usuari assumeix la responsabilitat de l&#8217;\u00fas del portal. Aquesta responsabilitat s&#8217;est\u00e9n al registre que fos necessari per accedir a determinats serveis o continguts. En aquest registre, l&#8217;USUARI ser\u00e0 responsable d&#8217;aportar informaci\u00f3 vera\u00e7 i l\u00edcita. Com a conseq\u00fc\u00e8ncia d&#8217;aquest registre, a l&#8217;USUARI se li pot proporcionar una contrasenya de la qual ser\u00e0 responsable, comprometent-se a fer un \u00fas diligent i confidencial de la mateixa.<\/p><p>L&#8217;USUARI es compromet a fer un \u00fas adequat dels continguts i serveis (p.e. serveis de xat, f\u00f2rums de discussi\u00f3 o grups de not\u00edcies) que el TITULAR ofereix a trav\u00e9s del seu portal i amb car\u00e0cter enunciatiu, per\u00f2 no limitatiu, a no emprar-los per a:<\/p><ul><li>Inc\u00f3rrer en activitats il\u00b7l\u00edcites, il\u00b7legals o contr\u00e0ries a la bona fe i a l&#8217;ordre p\u00fablic.<\/li><li>Difondre continguts o propaganda racista, xen\u00f2foba, pornogr\u00e0fica-il\u00b7legal, d&#8217;apologia del terrorisme o atemptat\u00f2ria contra els drets humans.<\/li><li>Provocar danys en els sistemes f\u00edsics i l\u00f2gics de Carles Bernadell Izquierdo, dels seus prove\u00efdors o de terceres persones, introduir o difondre a la xarxa virus inform\u00e0tics o qualsevol altres sistemes f\u00edsics o l\u00f2gics que siguin susceptibles de provocar els danys anteriorment esmentats.<\/li><li>Intentar accedir i, si s\u2019escau, utilitzar els comptes de correu electr\u00f2nic d&#8217;altres usuaris i modificar o manipular els seus missatges.<\/li><li>Utilitzar el lloc web ni les informacions que en ell es contenen amb fins comercials, pol\u00edtics, publicitaris i per a qualsevol \u00fas comercial, sobretot en l&#8217;enviament de correus electr\u00f2nics no sol\u00b7licitats.<\/li><\/ul><p>EL TITULAR es reserva el dret a retirar tots aquells comentaris i aportacions que vulnerin el respecte a la dignitat de la persona, que siguin discriminatoris, xen\u00f2fobs, racistes pornogr\u00e0fics, que atemptin contra la joventut o la inf\u00e0ncia, l&#8217;ordre o la seguretat p\u00fablica o que, al seu judici, no resulten adequats per a la seva publicaci\u00f3. En qualsevol cas, EL TITULAR no ser\u00e0 responsable de les opinions abocades pels usuaris a trav\u00e9s dels f\u00f2rums, xats, o altres eines de participaci\u00f3.<\/p><h4><strong>Protecci\u00f3 de dades<\/strong><\/h4><p>Tot el relatiu a la pol\u00edtica de protecci\u00f3 de dades es troba recollit en el document de pol\u00edtica de privacitat.<\/p><h4><strong>Continguts. Propietat intel\u00b7lectual i industrial<\/strong><\/h4><p>EL TITULAR \u00e9s propietari de tots els drets de propietat intel\u00b7lectual i industrial de la seva p\u00e0gina web, aix\u00ed com dels elements continguts en la mateixa (a t\u00edtol enunciatiu: imatges, fotografies, so, \u00e0udio, v\u00eddeo, programari o textos; marques o logotips, combinacions de colors, estructura i disseny, selecci\u00f3 de materials usats, programes d&#8217;ordinador necessaris per al seu funcionament, acc\u00e9s i \u00fas, etc.), titularitat del TITULAR o b\u00e9 dels seus llicenciants.<\/p><p>Tots els drets reservats. En virtut del que disposen els articles 8 i 32.1, par\u00e0graf segon, de la Llei de Propietat Intel\u00b7lectual, queden expressament prohibides la reproducci\u00f3, la distribuci\u00f3 i la comunicaci\u00f3 p\u00fablica, inclosa la seva modalitat de posada a disposici\u00f3, de la totalitat o part dels continguts d&#8217;aquesta p\u00e0gina web, amb fins comercials, en qualsevol suport i per qualsevol mitj\u00e0 t\u00e8cnic, sense l&#8217;autoritzaci\u00f3 del TITULAR.<\/p><h4><strong>Exclusi\u00f3 de garanties i responsabilitat<\/strong><\/h4><p>L&#8217;USUARI reconeix que la utilitzaci\u00f3 de la p\u00e0gina web i dels seus continguts i serveis es desenvolupa sota la seva exclusiva responsabilitat. En concret, a t\u00edtol merament enunciatiu, EL TITULAR no assumeix cap responsabilitat en els seg\u00fcents \u00e0mbits:<\/p><ul><li>La disponibilitat del funcionament de la p\u00e0gina web, els seus serveis i continguts i la seva qualitat o interoperabilitat.<\/li><li>La finalitat per a la qual la p\u00e0gina web serveixi als objectius de l&#8217;USUARI.<\/li><li>La infracci\u00f3 de la legislaci\u00f3 vigent per part de l&#8217;USUARI o tercers i, en concret, dels drets de propietat intel\u00b7lectual i industrial que siguin titularitat d&#8217;altres persones o entitats.<\/li><li>L&#8217;exist\u00e8ncia de codis maliciosos o qualsevol altre element inform\u00e0tic nociu que pogu\u00e9s causar el sistema inform\u00e0tic de l&#8217;USUARI o de tercers. Correspon a l&#8217;USUARI, en tot cas, disposar d&#8217;eines adequades per a la detecci\u00f3 i desinfecci\u00f3 d&#8217;aquests elements.<\/li><li>L&#8217;acc\u00e9s fraudulent als continguts o serveis per tercers no autoritzats, o, si s&#8217;escau, la captura, eliminaci\u00f3, alteraci\u00f3, modificaci\u00f3 o manipulaci\u00f3 dels missatges i comunicacions de qualsevol classe que aquests tercers poguessin realitzar.<\/li><li>L&#8217;exactitud, veracitat, actualitat i utilitat dels continguts i serveis oferts i la utilitzaci\u00f3 posterior que d&#8217;ells faci l&#8217;USUARI. EL TITULAR empra tots els esfor\u00e7os i mitjans raonables per facilitar la informaci\u00f3 actualitzada i fefaent.<\/li><li>Els danys produ\u00efts a equips inform\u00e0tics durant l&#8217;acc\u00e9s a la p\u00e0gina web i els danys produ\u00efts als USUARIS quan tinguin el seu origen en fallades o desconnexions en les xarxes de telecomunicacions que interrompin el servei.<\/li><li>Els danys o perjudicis que es derivin de circumst\u00e0ncies esdevingudes per cas fortu\u00eft o for\u00e7a major.<\/li><\/ul><h4><strong>Modificaci\u00f3 d&#8217;aquest av\u00eds legal i durada<\/strong><\/h4><p>EL TITULAR es reserva el dret d&#8217;efectuar sense previ av\u00eds les modificacions que consideri oportunes en el seu portal, podent canviar, suprimir o afegir tants continguts i serveis que es prestin a trav\u00e9s del mateix, com la forma en la qual aquests apareguin presentats o localitzats en el seu portal.<\/p><p>La vig\u00e8ncia de les citades condicions anir\u00e0 en funci\u00f3 de la seva exposici\u00f3 i estaran vigents fins que siguin modificades per altres degudament publicades.<\/p><h4><strong>Enlla\u00e7os<\/strong><\/h4><p>En el cas que en <a href=\"https:\/\/www.berkinder.com\" target=\"_new\" rel=\"noreferrer\">https:\/\/www.berkinder.com<\/a> s&#8217;incloguessin enlla\u00e7os o hipervincles cap a altres llocs d&#8217;Internet, EL TITULAR no exercir\u00e0 cap tipus de control sobre aquests llocs i continguts.<\/p><p>En cap cas, EL TITULAR assumir\u00e0 responsabilitat alguna pels continguts d&#8217;algun enlla\u00e7 pertanyent a un lloc web ali\u00e8, ni garantir\u00e0 la disponibilitat t\u00e8cnica, qualitat, fiabilitat, exactitud, amplitud, veracitat, validesa i constitucionalitat de qualsevol mat\u00e8ria o informaci\u00f3 continguda en cap d&#8217;aquests hipervincles i altres llocs a Internet. Igualment, la inclusi\u00f3 d&#8217;aquestes connexions externes no implicar\u00e0 cap tipus d&#8217;associaci\u00f3, fusi\u00f3 o participaci\u00f3 amb les entitats connectades.<\/p><h4><strong>Drets d&#8217;exclusi\u00f3<\/strong><\/h4><p>EL TITULAR es reserva el dret a denegar o retirar l&#8217;acc\u00e9s al portal i\/o els serveis oferts sense necessitat d&#8217;advert\u00e8ncia pr\u00e8via, a inst\u00e0ncia pr\u00f2pia o d&#8217;un tercer, a aquells usuaris que incompleixin el contingut d&#8217;aquest av\u00eds legal.<\/p><h4><strong>Generalitats<\/strong><\/h4><p>EL TITULAR perseguir\u00e0 l&#8217;incompliment de les presents condicions, aix\u00ed com qualsevol utilitzaci\u00f3 indeguda del seu portal, exercint totes les accions civils i penals que li puguin correspondre en dret.<\/p><h4><strong>Legislaci\u00f3 aplicable i jurisdicci\u00f3<\/strong><\/h4><p>La relaci\u00f3 entre EL TITULAR i L&#8217;USUARI es regir\u00e0 per la normativa espanyola vigent. Totes les disputes i reclamacions derivades d&#8217;aquest av\u00eds legal es resoldran pels jutjats i tribunals espanyols de Val\u00e8ncia.<\/p><h4><strong>Menors d&#8217;edat<\/strong><\/h4><p><a href=\"https:\/\/www.berkinder.com\" target=\"_new\" rel=\"noreferrer\">https:\/\/www.berkinder.com<\/a> dirigeix els seus serveis a usuaris majors de 18 anys. Els menors d&#8217;aquesta edat no estan autoritzats a utilitzar els nostres serveis i no han d&#8217;enviar-nos les seves dades personals. Informem que si es dona tal circumst\u00e0ncia, Carles Bernadell Izquierdo no es fa responsable de les possibles conseq\u00fc\u00e8ncies que poguessin derivar-se de l&#8217;incompliment de l&#8217;av\u00eds que en aquesta mateixa cl\u00e0usula s&#8217;estableix.<\/p><h4><strong>Mesures de seguretat \u2013 SSL<\/strong><\/h4><p>El Titular ha contractat per al seu lloc web un certificat SSL (\u00abSecure Sockets Layer\u00bb). Un certificat SSL permet protegir tota la informaci\u00f3 personal i confidencial que es pugui manejar en un lloc web, independentment de la informaci\u00f3 que s&#8217;estigui transmetent, com per exemple, des de qualsevol dels formularis de contacte del lloc web fins al servidor, o les dades introdu\u00efdes per a la subscripci\u00f3 de butlletins de not\u00edcies o accessos a les \u00e0rees protegides, etc. L&#8217;adre\u00e7a del lloc web apareixer\u00e0 en color verd, activant-se el protocol \u201chttps\u201d que permet connexions segures des d&#8217;un servidor web al navegador de l&#8217;usuari.<\/p>\t\t\t\t\t\t\t\t<\/div>\n\t\t\t\t<\/div>\n\t\t\t\t\t<\/div>\n\t\t<\/div>\n\t\t\t\t\t<\/div>\n\t\t<\/section>\n\t\t\t\t<\/div>\n\t\t","protected":false},"excerpt":{"rendered":"<p>AV\u00cdS LEGAL De conformitat amb el que estableix la Llei 34\/2002, d&#8217;11 de juliol, de serveis de la societat de la informaci\u00f3 i de comer\u00e7 electr\u00f2nic, es facilita la seg\u00fcent informaci\u00f3: Dades Identificatives Est\u00e0 visitant la p\u00e0gina web https:\/\/www.berkinder.com, propietat de Carles Bernadell Izquierdo, CIF: 38096667L, adre\u00e7a postal: Carrer d\u2019Aribau, 324, Sarri\u00e0-Sant Gervasi, 08006 Barcelona, [&hellip;]<\/p>\n","protected":false},"author":1,"featured_media":0,"parent":0,"menu_order":0,"comment_status":"closed","ping_status":"closed","template":"elementor_header_footer","meta":{"footnotes":""},"class_list":["post-19074","page","type-page","status-publish","hentry"],"yoast_head":"<!-- This site is optimized with the Yoast SEO plugin v25.2 - https:\/\/yoast.com\/wordpress\/plugins\/seo\/ -->\n<title>Av\u00eds legal - Berkinder - Property Management Barcelona<\/title>\n<meta name=\"robots\" content=\"index, follow, max-snippet:-1, max-image-preview:large, max-video-preview:-1\" \/>\n<link rel=\"canonical\" href=\"https:\/\/www.berkinder.com\/aviso-legal\/\" \/>\n<meta property=\"og:locale\" content=\"ca_ES\" \/>\n<meta property=\"og:type\" content=\"article\" \/>\n<meta property=\"og:title\" content=\"Av\u00eds legal - Berkinder - Property Management Barcelona\" \/>\n<meta property=\"og:description\" content=\"AV\u00cdS LEGAL De conformitat amb el que estableix la Llei 34\/2002, d&#8217;11 de juliol, de serveis de la societat de la informaci\u00f3 i de comer\u00e7 electr\u00f2nic, es facilita la seg\u00fcent informaci\u00f3: Dades Identificatives Est\u00e0 visitant la p\u00e0gina web https:\/\/www.berkinder.com, propietat de Carles Bernadell Izquierdo, CIF: 38096667L, adre\u00e7a postal: Carrer d\u2019Aribau, 324, Sarri\u00e0-Sant Gervasi, 08006 Barcelona, [&hellip;]\" \/>\n<meta property=\"og:url\" content=\"https:\/\/www.berkinder.com\/aviso-legal\/\" \/>\n<meta property=\"og:site_name\" content=\"Berkinder - Property Management Barcelona\" \/>\n<meta property=\"article:modified_time\" content=\"2024-07-10T21:24:55+00:00\" \/>\n<meta name=\"twitter:card\" content=\"summary_large_image\" \/>\n<meta name=\"twitter:label1\" content=\"Temps estimat de lectura\" \/>\n\t<meta name=\"twitter:data1\" content=\"7 minuts\" \/>\n<script type=\"application\/ld+json\" class=\"yoast-schema-graph\">{\"@context\":\"https:\/\/schema.org\",\"@graph\":[{\"@type\":\"WebPage\",\"@id\":\"https:\/\/www.berkinder.com\/aviso-legal\/\",\"url\":\"https:\/\/www.berkinder.com\/aviso-legal\/\",\"name\":\"Av\u00eds legal - Berkinder - Property Management Barcelona\",\"isPartOf\":{\"@id\":\"https:\/\/www.berkinder.com\/#website\"},\"datePublished\":\"2024-06-20T15:07:17+00:00\",\"dateModified\":\"2024-07-10T21:24:55+00:00\",\"breadcrumb\":{\"@id\":\"https:\/\/www.berkinder.com\/aviso-legal\/#breadcrumb\"},\"inLanguage\":\"ca\",\"potentialAction\":[{\"@type\":\"ReadAction\",\"target\":[\"https:\/\/www.berkinder.com\/aviso-legal\/\"]}]},{\"@type\":\"BreadcrumbList\",\"@id\":\"https:\/\/www.berkinder.com\/aviso-legal\/#breadcrumb\",\"itemListElement\":[{\"@type\":\"ListItem\",\"position\":1,\"name\":\"Portada\",\"item\":\"https:\/\/www.berkinder.com\/ca\/\"},{\"@type\":\"ListItem\",\"position\":2,\"name\":\"Av\u00eds legal\"}]},{\"@type\":\"WebSite\",\"@id\":\"https:\/\/www.berkinder.com\/#website\",\"url\":\"https:\/\/www.berkinder.com\/\",\"name\":\"Berkinder - Property Management Barcelona\",\"description\":\"Property management &amp; Real Estate in Barcelona\",\"potentialAction\":[{\"@type\":\"SearchAction\",\"target\":{\"@type\":\"EntryPoint\",\"urlTemplate\":\"https:\/\/www.berkinder.com\/?s={search_term_string}\"},\"query-input\":{\"@type\":\"PropertyValueSpecification\",\"valueRequired\":true,\"valueName\":\"search_term_string\"}}],\"inLanguage\":\"ca\"}]}<\/script>\n<!-- \/ Yoast SEO plugin. -->","yoast_head_json":{"title":"Av\u00eds legal - Berkinder - Property Management Barcelona","robots":{"index":"index","follow":"follow","max-snippet":"max-snippet:-1","max-image-preview":"max-image-preview:large","max-video-preview":"max-video-preview:-1"},"canonical":"https:\/\/www.berkinder.com\/aviso-legal\/","og_locale":"ca_ES","og_type":"article","og_title":"Av\u00eds legal - Berkinder - Property Management Barcelona","og_description":"AV\u00cdS LEGAL De conformitat amb el que estableix la Llei 34\/2002, d&#8217;11 de juliol, de serveis de la societat de la informaci\u00f3 i de comer\u00e7 electr\u00f2nic, es facilita la seg\u00fcent informaci\u00f3: Dades Identificatives Est\u00e0 visitant la p\u00e0gina web https:\/\/www.berkinder.com, propietat de Carles Bernadell Izquierdo, CIF: 38096667L, adre\u00e7a postal: Carrer d\u2019Aribau, 324, Sarri\u00e0-Sant Gervasi, 08006 Barcelona, [&hellip;]","og_url":"https:\/\/www.berkinder.com\/aviso-legal\/","og_site_name":"Berkinder - Property Management Barcelona","article_modified_time":"2024-07-10T21:24:55+00:00","twitter_card":"summary_large_image","twitter_misc":{"Temps estimat de lectura":"7 minuts"},"schema":{"@context":"https:\/\/schema.org","@graph":[{"@type":"WebPage","@id":"https:\/\/www.berkinder.com\/aviso-legal\/","url":"https:\/\/www.berkinder.com\/aviso-legal\/","name":"Av\u00eds legal - Berkinder - Property Management Barcelona","isPartOf":{"@id":"https:\/\/www.berkinder.com\/#website"},"datePublished":"2024-06-20T15:07:17+00:00","dateModified":"2024-07-10T21:24:55+00:00","breadcrumb":{"@id":"https:\/\/www.berkinder.com\/aviso-legal\/#breadcrumb"},"inLanguage":"ca","potentialAction":[{"@type":"ReadAction","target":["https:\/\/www.berkinder.com\/aviso-legal\/"]}]},{"@type":"BreadcrumbList","@id":"https:\/\/www.berkinder.com\/aviso-legal\/#breadcrumb","itemListElement":[{"@type":"ListItem","position":1,"name":"Portada","item":"https:\/\/www.berkinder.com\/ca\/"},{"@type":"ListItem","position":2,"name":"Av\u00eds legal"}]},{"@type":"WebSite","@id":"https:\/\/www.berkinder.com\/#website","url":"https:\/\/www.berkinder.com\/","name":"Berkinder - Property Management Barcelona","description":"Property management &amp; Real Estate in Barcelona","potentialAction":[{"@type":"SearchAction","target":{"@type":"EntryPoint","urlTemplate":"https:\/\/www.berkinder.com\/?s={search_term_string}"},"query-input":{"@type":"PropertyValueSpecification","valueRequired":true,"valueName":"search_term_string"}}],"inLanguage":"ca"}]}},"_links":{"self":[{"href":"https:\/\/www.berkinder.com\/ca\/wp-json\/wp\/v2\/pages\/19074","targetHints":{"allow":["GET"]}}],"collection":[{"href":"https:\/\/www.berkinder.com\/ca\/wp-json\/wp\/v2\/pages"}],"about":[{"href":"https:\/\/www.berkinder.com\/ca\/wp-json\/wp\/v2\/types\/page"}],"author":[{"embeddable":true,"href":"https:\/\/www.berkinder.com\/ca\/wp-json\/wp\/v2\/users\/1"}],"replies":[{"embeddable":true,"href":"https:\/\/www.berkinder.com\/ca\/wp-json\/wp\/v2\/comments?post=19074"}],"version-history":[{"count":5,"href":"https:\/\/www.berkinder.com\/ca\/wp-json\/wp\/v2\/pages\/19074\/revisions"}],"predecessor-version":[{"id":19512,"href":"https:\/\/www.berkinder.com\/ca\/wp-json\/wp\/v2\/pages\/19074\/revisions\/19512"}],"wp:attachment":[{"href":"https:\/\/www.berkinder.com\/ca\/wp-json\/wp\/v2\/media?parent=19074"}],"curies":[{"name":"wp","href":"https:\/\/api.w.org\/{rel}","templated":true}]}}